{"id":8790,"date":"-0001-11-30T00:00:00","date_gmt":"-0001-11-29T23:50:39","guid":{"rendered":""},"modified":"2026-03-28T13:41:57","modified_gmt":"2026-03-28T12:41:57","slug":"on-grimpe-aux-arbres-a-la-grotte-du-bosc-7678445","status":"publish","type":"fiche_sit","link":"https:\/\/causses-gorgesaveyron.com\/es\/fiche-sit\/on-grimpe-aux-arbres-a-la-grotte-du-bosc-7678445\/","title":{"rendered":"On grimpe aux arbres \u00e0 la Grotte du Bosc"},"content":{"rendered":"<p>Situ\u00e9e au c\u0153ur de la for\u00eat, la grotte du Bosc est entour\u00e9e d\u2019arbres. Alors prenons de la hauteur pour profiter de ce paysage. Avec Libertree, une association professionnelle tarnaise, on vous propose de grimper en toute s\u00e9curit\u00e9 aux arbres du Bosc.<\/p>","protected":false},"excerpt":{"rendered":"<p>Situ\u00e9e au c\u0153ur de la for\u00eat, la grotte du Bosc est entour\u00e9e d\u2019arbres. Alors prenons de la hauteur pour profiter de ce paysage. Avec Libertree, une association professionnelle tarnaise, on vous propose de grimper en toute s\u00e9curit\u00e9 aux arbres du Bosc.<\/p>","protected":false},"featured_media":0,"template":"","rubrique_sit_primaire":[36,52,82],"class_list":["post-8790","fiche_sit","type-fiche_sit","status-publish","hentry","rubrique_sit_primaire-agenda","rubrique_sit_primaire-agenda-home-page","rubrique_sit_primaire-agenda-home-page-2"],"aioseo_notices":[],"_links":{"self":[{"href":"https:\/\/causses-gorgesaveyron.com\/es\/wp-json\/wp\/v2\/fiche_sit\/8790","targetHints":{"allow":["GET"]}}],"collection":[{"href":"https:\/\/causses-gorgesaveyron.com\/es\/wp-json\/wp\/v2\/fiche_sit"}],"about":[{"href":"https:\/\/causses-gorgesaveyron.com\/es\/wp-json\/wp\/v2\/types\/fiche_sit"}],"wp:attachment":[{"href":"https:\/\/causses-gorgesaveyron.com\/es\/wp-json\/wp\/v2\/media?parent=8790"}],"wp:term":[{"taxonomy":"rubrique_sit_primaire","embeddable":true,"href":"https:\/\/causses-gorgesaveyron.com\/es\/wp-json\/wp\/v2\/rubrique_sit_primaire?post=8790"}],"curies":[{"name":"wp","href":"https:\/\/api.w.org\/{rel}","templated":true}]}}